{"id":1360,"date":"2019-09-11T10:04:41","date_gmt":"2019-09-11T08:04:41","guid":{"rendered":"https:\/\/holtensterkrade.de\/?page_id=1360"},"modified":"2019-11-12T16:53:51","modified_gmt":"2019-11-12T15:53:51","slug":"die-glocken-von-holten-und-sterkrade","status":"publish","type":"page","link":"https:\/\/holtensterkrade.de\/?page_id=1360","title":{"rendered":"Die Glocken von Holten und Sterkrade"},"content":{"rendered":"<p>Und wenn Sie das n\u00e4chste Mal irgendwo im Urlaub weitentfernt am Strand liegen und das Gel\u00e4ut Ihrer Ev. Kirchengemeinde vermissen, k\u00f6nnen Sie sich hier per Knopfdruck die Heimat akustisch ganz nah heran holen&#8230;<\/p>\n<p>&nbsp;<\/p>\n<p>*Holtener Abendgel\u00e4ut (&#8230; t\u00e4glich um 21.00 Uhr: das sogenannte Mechthildisl\u00e4uten)<\/p>\n<!--[if lt IE 9]><script>document.createElement('audio');<\/script><![endif]-->\n<audio class=\"wp-audio-shortcode\" id=\"audio-1360-1\" preload=\"none\" style=\"width: 100%;\" controls=\"controls\"><source type=\"audio\/mpeg\" src=\"https:\/\/holtensterkrade.de\/wp-content\/uploads\/2019\/09\/Holten-Mechthildis.mp3?_=1\" \/><a href=\"https:\/\/holtensterkrade.de\/wp-content\/uploads\/2019\/09\/Holten-Mechthildis.mp3\">https:\/\/holtensterkrade.de\/wp-content\/uploads\/2019\/09\/Holten-Mechthildis.mp3<\/a><\/audio>\n<p style=\"text-align: right;\">Dazu gibt es auch ein Gedicht mit Augenzwinkern von G. Heift unter :<\/p>\n<p style=\"text-align: right;\">https:\/\/www.ob-holten.de\/index.php\/holtener-lyrik\/60-mechthildislaeuten<\/p>\n<p>&nbsp;<\/p>\n<p>*Volles Gel\u00e4ut der Holtener Kirche an der Kastellstra\u00dfe<\/p>\n<audio class=\"wp-audio-shortcode\" id=\"audio-1360-2\" preload=\"none\" style=\"width: 100%;\" controls=\"controls\"><source type=\"audio\/mpeg\" src=\"https:\/\/holtensterkrade.de\/wp-content\/uploads\/2019\/09\/Holten-volles-Gel\u00e4ut.mp3?_=2\" \/><a href=\"https:\/\/holtensterkrade.de\/wp-content\/uploads\/2019\/09\/Holten-volles-Gel\u00e4ut.mp3\">https:\/\/holtensterkrade.de\/wp-content\/uploads\/2019\/09\/Holten-volles-Gel\u00e4ut.mp3<\/a><\/audio>\n<p>&nbsp;<\/p>\n<p>&nbsp;<\/p>\n<p>*Volles Gel\u00e4ut der Friedenskirche an der Steinbrinkstra\u00dfe<\/p>\n<audio class=\"wp-audio-shortcode\" id=\"audio-1360-3\" preload=\"none\" style=\"width: 100%;\" controls=\"controls\"><source type=\"audio\/mpeg\" src=\"https:\/\/holtensterkrade.de\/wp-content\/uploads\/2019\/09\/FriKi-volles-Gel\u00e4ut.mp3?_=3\" \/><a href=\"https:\/\/holtensterkrade.de\/wp-content\/uploads\/2019\/09\/FriKi-volles-Gel\u00e4ut.mp3\">https:\/\/holtensterkrade.de\/wp-content\/uploads\/2019\/09\/FriKi-volles-Gel\u00e4ut.mp3<\/a><\/audio>\n<p>&nbsp;<\/p>\n<p>&nbsp;<\/p>\n<p>*Volles Gel\u00e4ut der Christuskirche an der Weseler Stra\u00dfe\u00a0 (- &#8230; die gro\u00dfe Glocke schwingt wirklich seeehr lange nach!)<\/p>\n<audio class=\"wp-audio-shortcode\" id=\"audio-1360-4\" preload=\"none\" style=\"width: 100%;\" controls=\"controls\"><source type=\"audio\/mpeg\" src=\"https:\/\/holtensterkrade.de\/wp-content\/uploads\/2019\/11\/Gel\u00e4ut-Chriki.mp3?_=4\" \/><a href=\"https:\/\/holtensterkrade.de\/wp-content\/uploads\/2019\/11\/Gel\u00e4ut-Chriki.mp3\">https:\/\/holtensterkrade.de\/wp-content\/uploads\/2019\/11\/Gel\u00e4ut-Chriki.mp3<\/a><\/audio>\n<p>&nbsp;<\/p>\n","protected":false},"excerpt":{"rendered":"<p>Und wenn Sie das n\u00e4chste Mal irgendwo im Urlaub weitentfernt am Strand liegen und das Gel\u00e4ut Ihrer Ev. Kirchengemeinde vermissen, k\u00f6nnen Sie sich hier per Knopfdruck die Heimat akustisch ganz nah heran holen&#8230; &nbsp;&#46;&#46;&#46;<\/p>\n","protected":false},"author":1,"featured_media":0,"parent":0,"menu_order":0,"comment_status":"closed","ping_status":"closed","template":"","meta":[],"publishpress_future_action":{"enabled":false,"date":"1970-01-01 01:00:00","action":"","terms":[],"taxonomy":"","browser_timezone_offset":0},"_links":{"self":[{"href":"https:\/\/holtensterkrade.de\/index.php?rest_route=\/wp\/v2\/pages\/1360"}],"collection":[{"href":"https:\/\/holtensterkrade.de\/index.php?rest_route=\/wp\/v2\/pages"}],"about":[{"href":"https:\/\/holtensterkrade.de\/index.php?rest_route=\/wp\/v2\/types\/page"}],"author":[{"embeddable":true,"href":"https:\/\/holtensterkrade.de\/index.php?rest_route=\/wp\/v2\/users\/1"}],"replies":[{"embeddable":true,"href":"https:\/\/holtensterkrade.de\/index.php?rest_route=%2Fwp%2Fv2%2Fcomments&post=1360"}],"version-history":[{"count":21,"href":"https:\/\/holtensterkrade.de\/index.php?rest_route=\/wp\/v2\/pages\/1360\/revisions"}],"predecessor-version":[{"id":1511,"href":"https:\/\/holtensterkrade.de\/index.php?rest_route=\/wp\/v2\/pages\/1360\/revisions\/1511"}],"wp:attachment":[{"href":"https:\/\/holtensterkrade.de\/index.php?rest_route=%2Fwp%2Fv2%2Fmedia&parent=1360"}],"curies":[{"name":"wp","href":"https:\/\/api.w.org\/{rel}","templated":true}]}}